{"id":7239,"date":"2021-09-21T15:00:20","date_gmt":"2021-09-21T13:00:20","guid":{"rendered":"https:\/\/www.helixor.de\/psychoonkologie-halt-fur-die-seele\/"},"modified":"2022-04-13T19:07:30","modified_gmt":"2022-04-13T17:07:30","slug":"psychoonkologie-halt-fur-die-seele","status":"publish","type":"page","link":"https:\/\/www.helixor.de\/de-ch\/integrative-onkologie\/psychoonkologie-halt-fur-die-seele\/","title":{"rendered":"Psychoonkologie: Halt f\u00fcr die Seele"},"content":{"rendered":"\n<style type=\"text\/css\" data-created_by=\"avia_inline_auto\" id=\"style-css-av-ktu33yig-5da5cadbaec29aa9ffe1fc5310541d5d\">\n.avia-section.av-ktu33yig-5da5cadbaec29aa9ffe1fc5310541d5d{\nbackground-color:rgba(255,255,255,0.01);\nbackground-repeat:no-repeat;\nbackground-image:url(https:\/\/www.helixor.de\/wp-content\/uploads\/2021\/12\/GettyImages-1211811854_1645x730.jpg);\nbackground-position:50% 0%;\nbackground-attachment:scroll;\n}\n<\/style>\n<div id='av_section_1'  class='avia-section av-ktu33yig-5da5cadbaec29aa9ffe1fc5310541d5d main_color avia-section-default avia-no-border-styling  avia-builder-el-0  el_before_av_section  avia-builder-el-first  mob-h400 arrow-top-s tablet-fix avia-full-stretch avia-bg-style-scroll  av-minimum-height av-minimum-height-75  container_wrap fullsize'  data-section-bg-repeat='stretch' data-av_minimum_height_pc='75'><div class='container av-section-cont-open' ><main  role=\"main\" itemprop=\"mainContentOfPage\"  class='template-page content  av-content-full alpha units'><div class='post-entry post-entry-type-page post-entry-7239'><div class='entry-content-wrapper clearfix'>\n\n<style type=\"text\/css\" data-created_by=\"avia_inline_auto\" id=\"style-css-av-pq185t-9c4792ac7ce4fa265e3cd50638f96cf0\">\n.flex_column.av-pq185t-9c4792ac7ce4fa265e3cd50638f96cf0{\nborder-radius:0px 0px 0px 0px;\n-webkit-border-radius:0px 0px 0px 0px;\n-moz-border-radius:0px 0px 0px 0px;\n}\n<\/style>\n<div class='flex_column av-pq185t-9c4792ac7ce4fa265e3cd50638f96cf0 av_one_full  avia-builder-el-1  el_before_av_hr  avia-builder-el-first  first flex_column_div av-zero-column-padding '   ><section class=\"av_textblock_section \"  itemscope=\"itemscope\" itemtype=\"https:\/\/schema.org\/CreativeWork\" ><div class='avia_textblock top-page-arrow '   itemprop=\"text\" ><p><a href=\"\/integrative-onkologie\/\"> <img loading=\"lazy\" decoding=\"async\" class=\"size-full wp-image-760 alignnone\" src=\"\/wp-content\/uploads\/2021\/04\/arrow-left.png\" alt=\"\" width=\"39\" height=\"39\" srcset=\"https:\/\/www.helixor.de\/wp-content\/uploads\/2021\/04\/arrow-left.png 39w, https:\/\/www.helixor.de\/wp-content\/uploads\/2021\/04\/arrow-left-36x36.png 36w\" sizes=\"auto, (max-width: 39px) 100vw, 39px\" \/> Zur\u00fcck ZUR INTEGRATIVEN ONKOLOGIE<\/a><\/p>\n<\/div><\/section><\/div>\n<style type=\"text\/css\" data-created_by=\"avia_inline_auto\" id=\"style-css-av-metdzl-4cafc8c1dbd53f5ef4f9d21cb896138d\">\n#top .hr.hr-invisible.av-metdzl-4cafc8c1dbd53f5ef4f9d21cb896138d{\nheight:300px;\n}\n<\/style>\n<div  class='hr av-metdzl-4cafc8c1dbd53f5ef4f9d21cb896138d hr-invisible  avia-builder-el-3  el_after_av_one_full  el_before_av_one_full  mob-custom '><span class='hr-inner '><span class=\"hr-inner-style\"><\/span><\/span><\/div>\n\n<style type=\"text\/css\" data-created_by=\"avia_inline_auto\" id=\"style-css-av-kxht1t-a935603faf0fbe35e0bf69cea1bf4253\">\n.flex_column.av-kxht1t-a935603faf0fbe35e0bf69cea1bf4253{\nborder-radius:0px 0px 0px 0px;\n-webkit-border-radius:0px 0px 0px 0px;\n-moz-border-radius:0px 0px 0px 0px;\n}\n<\/style>\n<div class='flex_column av-kxht1t-a935603faf0fbe35e0bf69cea1bf4253 av_one_full  avia-builder-el-4  el_after_av_hr  avia-builder-el-last  text-button first flex_column_div av-zero-column-padding '   ><style type=\"text\/css\" data-created_by=\"avia_inline_auto\" id=\"style-css-av-ktu2x54i-6a033ed550033ad20fc93b96579d27f4\">\n#top .av-special-heading.av-ktu2x54i-6a033ed550033ad20fc93b96579d27f4{\npadding-bottom:10px;\ncolor:#ffffff;\n}\n.av-special-heading.av-ktu2x54i-6a033ed550033ad20fc93b96579d27f4 .special-heading-inner-border{\nborder-color:#ffffff;\n}\n.av-special-heading.av-ktu2x54i-6a033ed550033ad20fc93b96579d27f4 .av-subheading{\nfont-size:15px;\n}\n<\/style>\n<div  class='av-special-heading av-ktu2x54i-6a033ed550033ad20fc93b96579d27f4 av-special-heading-h1 custom-color-heading blockquote modern-quote  avia-builder-el-5  avia-builder-el-no-sibling  big-top-title white-title white-sub '><h1 class='av-special-heading-tag '  itemprop=\"headline\"  >Psychoonkologie: <\/h1><div class='av_custom_color av-subheading av-subheading_below '><p>Halt f\u00fcr die Seele<\/p>\n<\/div><div class='special-heading-border'><div class='special-heading-inner-border'><\/div><\/div><\/div><\/div>\n\n<\/div><\/div><\/main><!-- close content main element --><\/div><\/div>\n<style type=\"text\/css\" data-created_by=\"avia_inline_auto\" id=\"style-css-av-jonnhd-3aa76f894eb187deb3d58ae975d69004\">\n.avia-section.av-jonnhd-3aa76f894eb187deb3d58ae975d69004{\nbackground-color:rgba(0,0,0,0.01);\nbackground-repeat:no-repeat;\nbackground-image:url(https:\/\/www.helixor.de\/wp-content\/uploads\/2021\/03\/Pfad_661.png);\nbackground-position:0% 0%;\nbackground-attachment:scroll;\n}\n<\/style>\n<div id='av_section_2'  class='avia-section av-jonnhd-3aa76f894eb187deb3d58ae975d69004 main_color avia-section-no-padding avia-no-border-styling  avia-builder-el-6  el_after_av_section  el_before_av_section  section-2 avia-full-stretch avia-bg-style-scroll  container_wrap fullsize'  data-section-bg-repeat='stretch'><div class='container av-section-cont-open' ><div class='template-page content  av-content-full alpha units'><div class='post-entry post-entry-type-page post-entry-7239'><div class='entry-content-wrapper clearfix'>\n<\/div><\/div><\/div><!-- close content main div --><\/div><\/div><div id='av_section_3'  class='avia-section av-heaz35-5a5e99604c690a56281920470254d5d5 main_color avia-section-default avia-no-border-styling  avia-builder-el-7  el_after_av_section  el_before_av_section  custom-text invalid-custom-class-found avia-bg-style-scroll  container_wrap fullsize'  ><div class='container av-section-cont-open' ><div class='template-page content  av-content-full alpha units'><div class='post-entry post-entry-type-page post-entry-7239'><div class='entry-content-wrapper clearfix'>\n\n<style type=\"text\/css\" data-created_by=\"avia_inline_auto\" id=\"style-css-av-ktu2xac2-1eeae9a1263855ff70d6437677b7d56c\">\n#top .av-special-heading.av-ktu2xac2-1eeae9a1263855ff70d6437677b7d56c{\npadding-bottom:0px;\n}\n<\/style>\n<div  class='av-special-heading av-ktu2xac2-1eeae9a1263855ff70d6437677b7d56c av-special-heading-h2 blockquote modern-quote  avia-builder-el-8  el_before_av_hr  avia-builder-el-first  green-h fs-36 w-700 '><h2 class='av-special-heading-tag '  itemprop=\"headline\"  >Auf festem Boden stehen, nach vorne blicken<\/h2><div class='special-heading-border'><div class='special-heading-inner-border'><\/div><\/div><\/div>\n\n<style type=\"text\/css\" data-created_by=\"avia_inline_auto\" id=\"style-css-av-fbxahd-fc56ba038107284215b674a8ade67ecf\">\n#top .hr.hr-invisible.av-fbxahd-fc56ba038107284215b674a8ade67ecf{\nmargin-top:-50px;\nheight:1px;\n}\n<\/style>\n<div  class='hr av-fbxahd-fc56ba038107284215b674a8ade67ecf hr-invisible  avia-builder-el-9  el_after_av_heading  el_before_av_one_full  '><span class='hr-inner '><span class=\"hr-inner-style\"><\/span><\/span><\/div>\n<div class='flex_column_table av-dqf8vl-dac179c1fc2e49fa7f89bac3bdd78566 sc-av_one_full av-equal-height-column-flextable'>\n<style type=\"text\/css\" data-created_by=\"avia_inline_auto\" id=\"style-css-av-dqf8vl-dac179c1fc2e49fa7f89bac3bdd78566\">\n.flex_column.av-dqf8vl-dac179c1fc2e49fa7f89bac3bdd78566{\nborder-radius:0px 0px 0px 0px;\n-webkit-border-radius:0px 0px 0px 0px;\n-moz-border-radius:0px 0px 0px 0px;\n}\n<\/style>\n<div class='flex_column av-dqf8vl-dac179c1fc2e49fa7f89bac3bdd78566 av_one_full  avia-builder-el-10  el_after_av_hr  avia-builder-el-last  first flex_column_table_cell av-equal-height-column av-align-top av-zero-column-padding '   id=\"aktuelle-themen\"  ><section class=\"av_textblock_section \"  itemscope=\"itemscope\" itemtype=\"https:\/\/schema.org\/CreativeWork\" ><div class='avia_textblock fs-18 lh-26 av_inherit_color '  style='font-size:18px; '  itemprop=\"text\" ><p>F\u00fcr den Tumor gibt es eine eindeutige Diagnose, f\u00fcr Gef\u00fchle oft nicht. Deshalb erforscht die Psychoonkologie als eigene wissenschaftliche Disziplin die seelischen Auswirkungen einer Krebserkrankung und ihrer Behandlung. \u00c4ngste, Depressionen, Schlaflosigkeit oder andauerndes Gr\u00fcbeln: Bitte nehmen Sie diese Symptome ernst! Sie m\u00fcssen mit Ihrer Belastung nicht allein bleiben und k\u00f6nnen im Rahmen einer ganz auf Sie zugeschnittenen Therapie auch scheinbar unaussprechliche Gedanken und Gef\u00fchle teilen. Die Psychoonkologie bietet Therapieformen von Entspannungs\u00fcbungen \u00fcber eine psychotherapeutische Begleitung bis hin zur medikament\u00f6sen Behandlung an. Sie erfahren den n\u00f6tigen Halt und suchen gemeinsam mit dem Psychoonkologen nach Ihrem Weg im Umgang mit der aktuellen Lebenssituation. Gegebenenfalls wird auch Ihr soziales Umfeld eingebunden. Das stabilisiert Sie f\u00fcr die onkologische Therapie und Ihre Alltagsbew\u00e4ltigung.<\/p>\n<p>Adressen ambulant t\u00e4tiger Psychoonkologen in Ihrer N\u00e4he finden Sie bei der <a href=\"https:\/\/www.psychoonkologie.ch\/home.html\">SGPO<\/a>.<\/p>\n<\/div><\/section><\/div><\/div><!--close column table wrapper. Autoclose: 1 -->\n\n<\/div><\/div><\/div><!-- close content main div --><\/div><\/div><div id='arbeiten-bei-helixor'  class='avia-section av-cdxhnl-b771934ee350db534587362aecaef089 main_color avia-section-large avia-no-border-styling  avia-builder-el-12  el_after_av_section  avia-builder-el-last  silver-section divider-top custom-text avia-bg-style-scroll  container_wrap fullsize'  ><div class='container av-section-cont-open' ><div class='template-page content  av-content-full alpha units'><div class='post-entry post-entry-type-page post-entry-7239'><div class='entry-content-wrapper clearfix'>\n<div class='flex_column_table av-ktu34s2n-a953f420ea078c6d74f876d88949fb50 sc-av_one_half av-equal-height-column-flextable'>\n<style type=\"text\/css\" data-created_by=\"avia_inline_auto\" id=\"style-css-av-ktu34s2n-a953f420ea078c6d74f876d88949fb50\">\n.flex_column.av-ktu34s2n-a953f420ea078c6d74f876d88949fb50{\nborder-radius:0px 0px 0px 0px;\n-webkit-border-radius:0px 0px 0px 0px;\n-moz-border-radius:0px 0px 0px 0px;\n}\n<\/style>\n<div class='flex_column av-ktu34s2n-a953f420ea078c6d74f876d88949fb50 av_one_half  avia-builder-el-13  el_before_av_one_half  avia-builder-el-first  first flex_column_table_cell av-equal-height-column av-align-top av-zero-column-padding '   id=\"aktuelle-themen\"  ><section class=\"av_textblock_section \"  itemscope=\"itemscope\" itemtype=\"https:\/\/schema.org\/CreativeWork\" ><div class='avia_textblock fs-24 lh-30 av_inherit_color '  style='font-size:18px; '  itemprop=\"text\" ><p style=\"text-align: center; font-size: 24px;\"><strong><br \/>\n\u201eIch bin fest davon \u00fcberzeugt, dass man seine Krankheit ganzheitlich behandeln muss, dass es wichtig ist, die Schulmedizin mit der Naturheilkunde zu kombinieren und auch die Psyche mit zu behandeln.\u201c <\/strong><\/p>\n<p style=\"text-align: center; font-size: 18px!important;\">Dr. med. Heike Dziwisch, \u00c4rztin f\u00fcr Palliativmedizin, 2014 an Brustkrebs erkrankt<\/p>\n<\/div><\/section><br \/>\n\n<style type=\"text\/css\" data-created_by=\"avia_inline_auto\" id=\"style-css-av-8091sx-42fb76dfccaf27ae2d8147c2c96ca16c\">\n#top .hr.hr-invisible.av-8091sx-42fb76dfccaf27ae2d8147c2c96ca16c{\nheight:10px;\n}\n<\/style>\n<div  class='hr av-8091sx-42fb76dfccaf27ae2d8147c2c96ca16c hr-invisible  avia-builder-el-15  el_after_av_textblock  el_before_av_button  '><span class='hr-inner '><span class=\"hr-inner-style\"><\/span><\/span><\/div><br \/>\n<div  class='avia-button-wrap avia-button-center  avia-builder-el-16  el_after_av_hr  avia-builder-el-last  green-btn' ><a href='https:\/\/www.helixor.de\/wp-content\/uploads\/2021\/12\/Blickpunkt-Gesundheit_2021.pdf' class='avia-button av-ktu31bpi-ee316b956da38e71575c449edfbb74be avia-icon_select-no avia-size-large avia-position-center avia-color-theme-color ' target=\"_blank\" rel=\"noopener noreferrer\"><span class='avia_iconbox_title' >Zur Patientengeschichte<\/span><\/a><\/div><\/p><\/div><div class='av-flex-placeholder'><\/div>\n<style type=\"text\/css\" data-created_by=\"avia_inline_auto\" id=\"style-css-av-5k840h-da1048ae4150f7e0a82252b98f92148b\">\n.flex_column.av-5k840h-da1048ae4150f7e0a82252b98f92148b{\nborder-radius:0px 0px 0px 0px;\n-webkit-border-radius:0px 0px 0px 0px;\n-moz-border-radius:0px 0px 0px 0px;\n}\n<\/style>\n<div class='flex_column av-5k840h-da1048ae4150f7e0a82252b98f92148b av_one_half  avia-builder-el-17  el_after_av_one_half  avia-builder-el-last  flex_column_table_cell av-equal-height-column av-align-top av-zero-column-padding '   id=\"aktuelle-themen\"  ><style type=\"text\/css\" data-created_by=\"avia_inline_auto\" id=\"style-css-av-ktu34n7q-2d4857bc5381bff33afac9dbcdc9d2bf\">\n.avia-image-container.av-ktu34n7q-2d4857bc5381bff33afac9dbcdc9d2bf .av-image-caption-overlay-center{\ncolor:#ffffff;\n}\n<\/style>\n<div  class='avia-image-container av-ktu34n7q-2d4857bc5381bff33afac9dbcdc9d2bf av-styling- avia-align-center  avia-builder-el-18  avia-builder-el-no-sibling  '  itemprop=\"image\" itemscope=\"itemscope\" itemtype=\"https:\/\/schema.org\/ImageObject\" ><div class=\"avia-image-container-inner\"><div class=\"avia-image-overlay-wrap\"><img decoding=\"async\" class='wp-image-6617 avia-img-lazy-loading-not-6617 avia_image' src=\"https:\/\/www.helixor.de\/wp-content\/uploads\/2021\/09\/Integrative-Onkologie_Psychoonkologie_Dr.-med.-Heike-Dziwisch-min.png\" alt='' title='Integrative Onkologie_Psychoonkologie_Dr. med. Heike Dziwisch-min'  height=\"338\" width=\"575\"  itemprop=\"thumbnailUrl\" srcset=\"https:\/\/www.helixor.de\/wp-content\/uploads\/2021\/09\/Integrative-Onkologie_Psychoonkologie_Dr.-med.-Heike-Dziwisch-min.png 575w, https:\/\/www.helixor.de\/wp-content\/uploads\/2021\/09\/Integrative-Onkologie_Psychoonkologie_Dr.-med.-Heike-Dziwisch-min-300x176.png 300w\" sizes=\"(max-width: 575px) 100vw, 575px\" \/><\/div><\/div><\/div><\/div><\/div><!--close column table wrapper. Autoclose: 1 -->\n","protected":false},"excerpt":{"rendered":"","protected":false},"author":5,"featured_media":0,"parent":7382,"menu_order":0,"comment_status":"closed","ping_status":"closed","template":"","meta":{"_acf_changed":false,"inline_featured_image":false,"footnotes":""},"class_list":["post-7239","page","type-page","status-publish","hentry"],"acf":[],"yoast_head":"<!-- This site is optimized with the Yoast SEO plugin v27.5 - https:\/\/yoast.com\/product\/yoast-seo-wordpress\/ -->\n<title>Psychoonkologie: Seelische Auswirkungen von Krebs | Helixor<\/title>\n<meta name=\"description\" content=\"Krebs hat auch psychische Auswirkungen auf Ihren K\u00f6rper \u25ba Lernen Sie, wie Sie \u00c4ngste, Depressionen &amp; andere psychische Probleme in den Griff kriegen k\u00f6nnen!\" \/>\n<meta name=\"robots\" content=\"index, follow, max-snippet:-1, max-image-preview:large, max-video-preview:-1\" \/>\n<link rel=\"canonical\" href=\"https:\/\/www.helixor.de\/de-ch\/integrative-onkologie\/psychoonkologie-halt-fur-die-seele\/\" \/>\n<meta property=\"og:locale\" content=\"de_DE\" \/>\n<meta property=\"og:type\" content=\"article\" \/>\n<meta property=\"og:title\" content=\"Psychoonkologie: Seelische Auswirkungen von Krebs | Helixor\" \/>\n<meta property=\"og:description\" content=\"Krebs hat auch psychische Auswirkungen auf Ihren K\u00f6rper \u25ba Lernen Sie, wie Sie \u00c4ngste, Depressionen &amp; andere psychische Probleme in den Griff kriegen k\u00f6nnen!\" \/>\n<meta property=\"og:url\" content=\"https:\/\/www.helixor.de\/de-ch\/integrative-onkologie\/psychoonkologie-halt-fur-die-seele\/\" \/>\n<meta property=\"og:site_name\" content=\"Helixor\" \/>\n<meta property=\"article:modified_time\" content=\"2022-04-13T17:07:30+00:00\" \/>\n<meta name=\"twitter:card\" content=\"summary_large_image\" \/>\n<meta name=\"twitter:label1\" content=\"Gesch\u00e4tzte Lesezeit\" \/>\n\t<meta name=\"twitter:data1\" content=\"5\u00a0Minuten\" \/>\n<script type=\"application\/ld+json\" class=\"yoast-schema-graph\">{\"@context\":\"https:\\\/\\\/schema.org\",\"@graph\":[{\"@type\":\"WebPage\",\"@id\":\"https:\\\/\\\/www.helixor.de\\\/de-ch\\\/integrative-onkologie\\\/psychoonkologie-halt-fur-die-seele\\\/\",\"url\":\"https:\\\/\\\/www.helixor.de\\\/de-ch\\\/integrative-onkologie\\\/psychoonkologie-halt-fur-die-seele\\\/\",\"name\":\"Psychoonkologie: Seelische Auswirkungen von Krebs | Helixor\",\"isPartOf\":{\"@id\":\"https:\\\/\\\/www.helixor.de\\\/#website\"},\"datePublished\":\"2021-09-21T13:00:20+00:00\",\"dateModified\":\"2022-04-13T17:07:30+00:00\",\"description\":\"Krebs hat auch psychische Auswirkungen auf Ihren K\u00f6rper \u25ba Lernen Sie, wie Sie \u00c4ngste, Depressionen & andere psychische Probleme in den Griff kriegen k\u00f6nnen!\",\"breadcrumb\":{\"@id\":\"https:\\\/\\\/www.helixor.de\\\/de-ch\\\/integrative-onkologie\\\/psychoonkologie-halt-fur-die-seele\\\/#breadcrumb\"},\"inLanguage\":\"de-CH\",\"potentialAction\":[{\"@type\":\"ReadAction\",\"target\":[\"https:\\\/\\\/www.helixor.de\\\/de-ch\\\/integrative-onkologie\\\/psychoonkologie-halt-fur-die-seele\\\/\"]}]},{\"@type\":\"BreadcrumbList\",\"@id\":\"https:\\\/\\\/www.helixor.de\\\/de-ch\\\/integrative-onkologie\\\/psychoonkologie-halt-fur-die-seele\\\/#breadcrumb\",\"itemListElement\":[{\"@type\":\"ListItem\",\"position\":1,\"name\":\"Startseite\",\"item\":\"https:\\\/\\\/www.helixor.de\\\/de-ch\\\/home-page\\\/\"},{\"@type\":\"ListItem\",\"position\":2,\"name\":\"Integrative Onkologie\",\"item\":\"https:\\\/\\\/www.helixor.de\\\/de-ch\\\/integrative-onkologie\\\/\"},{\"@type\":\"ListItem\",\"position\":3,\"name\":\"Psychoonkologie: Halt f\u00fcr die Seele\"}]},{\"@type\":\"WebSite\",\"@id\":\"https:\\\/\\\/www.helixor.de\\\/#website\",\"url\":\"https:\\\/\\\/www.helixor.de\\\/\",\"name\":\"Helixor\",\"description\":\"Dem Leben Leben geben.\",\"potentialAction\":[{\"@type\":\"SearchAction\",\"target\":{\"@type\":\"EntryPoint\",\"urlTemplate\":\"https:\\\/\\\/www.helixor.de\\\/?s={search_term_string}\"},\"query-input\":{\"@type\":\"PropertyValueSpecification\",\"valueRequired\":true,\"valueName\":\"search_term_string\"}}],\"inLanguage\":\"de-CH\"}]}<\/script>\n<!-- \/ Yoast SEO plugin. -->","yoast_head_json":{"title":"Psychoonkologie: Seelische Auswirkungen von Krebs | Helixor","description":"Krebs hat auch psychische Auswirkungen auf Ihren K\u00f6rper \u25ba Lernen Sie, wie Sie \u00c4ngste, Depressionen & andere psychische Probleme in den Griff kriegen k\u00f6nnen!","robots":{"index":"index","follow":"follow","max-snippet":"max-snippet:-1","max-image-preview":"max-image-preview:large","max-video-preview":"max-video-preview:-1"},"canonical":"https:\/\/www.helixor.de\/de-ch\/integrative-onkologie\/psychoonkologie-halt-fur-die-seele\/","og_locale":"de_DE","og_type":"article","og_title":"Psychoonkologie: Seelische Auswirkungen von Krebs | Helixor","og_description":"Krebs hat auch psychische Auswirkungen auf Ihren K\u00f6rper \u25ba Lernen Sie, wie Sie \u00c4ngste, Depressionen & andere psychische Probleme in den Griff kriegen k\u00f6nnen!","og_url":"https:\/\/www.helixor.de\/de-ch\/integrative-onkologie\/psychoonkologie-halt-fur-die-seele\/","og_site_name":"Helixor","article_modified_time":"2022-04-13T17:07:30+00:00","twitter_card":"summary_large_image","twitter_misc":{"Gesch\u00e4tzte Lesezeit":"5\u00a0Minuten"},"schema":{"@context":"https:\/\/schema.org","@graph":[{"@type":"WebPage","@id":"https:\/\/www.helixor.de\/de-ch\/integrative-onkologie\/psychoonkologie-halt-fur-die-seele\/","url":"https:\/\/www.helixor.de\/de-ch\/integrative-onkologie\/psychoonkologie-halt-fur-die-seele\/","name":"Psychoonkologie: Seelische Auswirkungen von Krebs | Helixor","isPartOf":{"@id":"https:\/\/www.helixor.de\/#website"},"datePublished":"2021-09-21T13:00:20+00:00","dateModified":"2022-04-13T17:07:30+00:00","description":"Krebs hat auch psychische Auswirkungen auf Ihren K\u00f6rper \u25ba Lernen Sie, wie Sie \u00c4ngste, Depressionen & andere psychische Probleme in den Griff kriegen k\u00f6nnen!","breadcrumb":{"@id":"https:\/\/www.helixor.de\/de-ch\/integrative-onkologie\/psychoonkologie-halt-fur-die-seele\/#breadcrumb"},"inLanguage":"de-CH","potentialAction":[{"@type":"ReadAction","target":["https:\/\/www.helixor.de\/de-ch\/integrative-onkologie\/psychoonkologie-halt-fur-die-seele\/"]}]},{"@type":"BreadcrumbList","@id":"https:\/\/www.helixor.de\/de-ch\/integrative-onkologie\/psychoonkologie-halt-fur-die-seele\/#breadcrumb","itemListElement":[{"@type":"ListItem","position":1,"name":"Startseite","item":"https:\/\/www.helixor.de\/de-ch\/home-page\/"},{"@type":"ListItem","position":2,"name":"Integrative Onkologie","item":"https:\/\/www.helixor.de\/de-ch\/integrative-onkologie\/"},{"@type":"ListItem","position":3,"name":"Psychoonkologie: Halt f\u00fcr die Seele"}]},{"@type":"WebSite","@id":"https:\/\/www.helixor.de\/#website","url":"https:\/\/www.helixor.de\/","name":"Helixor","description":"Dem Leben Leben geben.","potentialAction":[{"@type":"SearchAction","target":{"@type":"EntryPoint","urlTemplate":"https:\/\/www.helixor.de\/?s={search_term_string}"},"query-input":{"@type":"PropertyValueSpecification","valueRequired":true,"valueName":"search_term_string"}}],"inLanguage":"de-CH"}]}},"_links":{"self":[{"href":"https:\/\/www.helixor.de\/de-ch\/wp-json\/wp\/v2\/pages\/7239","targetHints":{"allow":["GET"]}}],"collection":[{"href":"https:\/\/www.helixor.de\/de-ch\/wp-json\/wp\/v2\/pages"}],"about":[{"href":"https:\/\/www.helixor.de\/de-ch\/wp-json\/wp\/v2\/types\/page"}],"author":[{"embeddable":true,"href":"https:\/\/www.helixor.de\/de-ch\/wp-json\/wp\/v2\/users\/5"}],"replies":[{"embeddable":true,"href":"https:\/\/www.helixor.de\/de-ch\/wp-json\/wp\/v2\/comments?post=7239"}],"version-history":[{"count":3,"href":"https:\/\/www.helixor.de\/de-ch\/wp-json\/wp\/v2\/pages\/7239\/revisions"}],"predecessor-version":[{"id":7673,"href":"https:\/\/www.helixor.de\/de-ch\/wp-json\/wp\/v2\/pages\/7239\/revisions\/7673"}],"up":[{"embeddable":true,"href":"https:\/\/www.helixor.de\/de-ch\/wp-json\/wp\/v2\/pages\/7382"}],"wp:attachment":[{"href":"https:\/\/www.helixor.de\/de-ch\/wp-json\/wp\/v2\/media?parent=7239"}],"curies":[{"name":"wp","href":"https:\/\/api.w.org\/{rel}","templated":true}]}}